{"id":3959,"date":"2013-05-16T00:32:54","date_gmt":"2013-05-16T03:32:54","guid":{"rendered":"https:\/\/2013.portoalegre.wordcamp.org\/?page_id=3959"},"modified":"2013-05-31T10:55:52","modified_gmt":"2013-05-31T13:55:52","slug":"como-chegar","status":"publish","type":"page","link":"https:\/\/portoalegre.wordcamp.org\/2013\/localizacao\/como-chegar\/","title":{"rendered":"Como chegar"},"content":{"rendered":"<p>Para quem \u00e9 da <b>cidade de Porto Alegre<\/b>:<\/p>\n<p>1. Se voc\u00ea est\u00e1 vindo no sentido &#8220;Bairro &gt; Centro&#8221;, basta pegar qualquer \u00f4nibus que pare na Rodovi\u00e1ria. Voc\u00ea ir\u00e1 descer aonde est\u00e1 apontado no mapa. Olhe para tr\u00e1s e caminhe em dire\u00e7\u00e3o \u00e0 passarela.<br \/>\n2. Suba na passarela (ela faz uma curva para subir e \u00e9 pr\u00f3pria para cadeirantes).<br \/>\n3. Atravesse a passarela at\u00e9 o outro lado.<br \/>\n4. Des\u00e7a da passarela e continue caminhando reto at\u00e9 a pr\u00f3xima rua em dire\u00e7\u00e3o ao Tumelero.<br \/>\nVoc\u00ea ver\u00e1 a entrada para a FTEC nessa rua.<\/p>\n<p><img loading=\"lazy\" decoding=\"async\" data-attachment-id=\"4083\" data-permalink=\"https:\/\/portoalegre.wordcamp.org\/2013\/localizacao\/como-chegar\/bairro-centro-1\/\" data-orig-file=\"https:\/\/portoalegre.wordcamp.org\/2013\/files\/2013\/05\/bairro-centro-1.jpg\" data-orig-size=\"601,595\" data-comments-opened=\"1\" data-image-meta=\"{&quot;aperture&quot;:&quot;0&quot;,&quot;credit&quot;:&quot;&quot;,&quot;camera&quot;:&quot;&quot;,&quot;caption&quot;:&quot;&quot;,&quot;created_timestamp&quot;:&quot;0&quot;,&quot;copyright&quot;:&quot;&quot;,&quot;focal_length&quot;:&quot;0&quot;,&quot;iso&quot;:&quot;0&quot;,&quot;shutter_speed&quot;:&quot;0&quot;,&quot;title&quot;:&quot;&quot;}\" data-image-title=\"\" data-image-description=\"\" data-image-caption=\"\" data-large-file=\"https:\/\/portoalegre.wordcamp.org\/2013\/files\/2013\/05\/bairro-centro-1.jpg\" src=\"https:\/\/2013.portoalegre.wordcamp.org\/files\/2013\/05\/bairro-centro-1.jpg\" alt=\"\" width=\"601\" height=\"595\" class=\"alignleft size-full wp-image-4083\" srcset=\"https:\/\/portoalegre.wordcamp.org\/2013\/files\/2013\/05\/bairro-centro-1.jpg 601w, https:\/\/portoalegre.wordcamp.org\/2013\/files\/2013\/05\/bairro-centro-1-150x150.jpg 150w, https:\/\/portoalegre.wordcamp.org\/2013\/files\/2013\/05\/bairro-centro-1-300x297.jpg 300w\" sizes=\"auto, (max-width: 601px) 100vw, 601px\" \/><\/p>\n<p><img loading=\"lazy\" decoding=\"async\" data-attachment-id=\"4085\" data-permalink=\"https:\/\/portoalegre.wordcamp.org\/2013\/localizacao\/como-chegar\/bairro-centro-2\/\" data-orig-file=\"https:\/\/portoalegre.wordcamp.org\/2013\/files\/2013\/05\/bairro-centro-2.jpg\" data-orig-size=\"605,353\" data-comments-opened=\"1\" data-image-meta=\"{&quot;aperture&quot;:&quot;0&quot;,&quot;credit&quot;:&quot;&quot;,&quot;camera&quot;:&quot;&quot;,&quot;caption&quot;:&quot;&quot;,&quot;created_timestamp&quot;:&quot;0&quot;,&quot;copyright&quot;:&quot;&quot;,&quot;focal_length&quot;:&quot;0&quot;,&quot;iso&quot;:&quot;0&quot;,&quot;shutter_speed&quot;:&quot;0&quot;,&quot;title&quot;:&quot;&quot;}\" data-image-title=\"\" data-image-description=\"\" data-image-caption=\"\" data-large-file=\"https:\/\/portoalegre.wordcamp.org\/2013\/files\/2013\/05\/bairro-centro-2.jpg\" src=\"https:\/\/2013.portoalegre.wordcamp.org\/files\/2013\/05\/bairro-centro-2.jpg\" alt=\"\" width=\"605\" height=\"353\" class=\"alignleft size-full wp-image-4085\" srcset=\"https:\/\/portoalegre.wordcamp.org\/2013\/files\/2013\/05\/bairro-centro-2.jpg 605w, https:\/\/portoalegre.wordcamp.org\/2013\/files\/2013\/05\/bairro-centro-2-300x175.jpg 300w\" sizes=\"auto, (max-width: 605px) 100vw, 605px\" \/><\/p>\n<p>&nbsp;<\/p>\n<p>Para quem \u00e9 da <b>Regi\u00e3o Metropolitana<\/b> e vem com a <b>Trensurb<\/b>:<\/p>\n<p><img loading=\"lazy\" decoding=\"async\" data-attachment-id=\"4087\" data-permalink=\"https:\/\/portoalegre.wordcamp.org\/2013\/localizacao\/como-chegar\/metropolitana\/\" data-orig-file=\"https:\/\/portoalegre.wordcamp.org\/2013\/files\/2013\/05\/metropolitana.jpg\" data-orig-size=\"441,566\" data-comments-opened=\"1\" data-image-meta=\"{&quot;aperture&quot;:&quot;0&quot;,&quot;credit&quot;:&quot;&quot;,&quot;camera&quot;:&quot;&quot;,&quot;caption&quot;:&quot;&quot;,&quot;created_timestamp&quot;:&quot;0&quot;,&quot;copyright&quot;:&quot;&quot;,&quot;focal_length&quot;:&quot;0&quot;,&quot;iso&quot;:&quot;0&quot;,&quot;shutter_speed&quot;:&quot;0&quot;,&quot;title&quot;:&quot;&quot;}\" data-image-title=\"metropolitana\" data-image-description=\"\" data-image-caption=\"\" data-large-file=\"https:\/\/portoalegre.wordcamp.org\/2013\/files\/2013\/05\/metropolitana.jpg\" src=\"https:\/\/2013.portoalegre.wordcamp.org\/files\/2013\/05\/metropolitana.jpg\" alt=\"metropolitana\" width=\"441\" height=\"566\" class=\"size-full wp-image-4087\" srcset=\"https:\/\/portoalegre.wordcamp.org\/2013\/files\/2013\/05\/metropolitana.jpg 441w, https:\/\/portoalegre.wordcamp.org\/2013\/files\/2013\/05\/metropolitana-233x300.jpg 233w\" sizes=\"auto, (max-width: 441px) 100vw, 441px\" \/><\/p>\n<p>&nbsp;<\/p>\n<p>Para quem \u00e9 da <b>Regi\u00e3o Metropolitana<\/b> e vem de <b>\u00f4nibus<\/b>:<\/p>\n<p>1. Paradas embaixo do Camel\u00f3dromo.<br \/>\n2. Siga pela J\u00falio de Castilhos.<br \/>\n3. Entre na Coronel Vicente.<br \/>\n4. A FTEC fica na primeira rua \u00e0 esquerda (Comendador Manoel Pereira).<\/p>\n<p>Seta Azul: Indica as paradas que ficam embaixo do T\u00fanel da Concei\u00e7\u00e3o, basta atravessar a rua em dire\u00e7\u00e3o ao Tumelero.<\/p>\n<p><img loading=\"lazy\" decoding=\"async\" data-attachment-id=\"4089\" data-permalink=\"https:\/\/portoalegre.wordcamp.org\/2013\/localizacao\/como-chegar\/metropolitana2\/\" data-orig-file=\"https:\/\/portoalegre.wordcamp.org\/2013\/files\/2013\/05\/metropolitana2.jpg\" data-orig-size=\"645,532\" data-comments-opened=\"1\" data-image-meta=\"{&quot;aperture&quot;:&quot;0&quot;,&quot;credit&quot;:&quot;&quot;,&quot;camera&quot;:&quot;&quot;,&quot;caption&quot;:&quot;&quot;,&quot;created_timestamp&quot;:&quot;0&quot;,&quot;copyright&quot;:&quot;&quot;,&quot;focal_length&quot;:&quot;0&quot;,&quot;iso&quot;:&quot;0&quot;,&quot;shutter_speed&quot;:&quot;0&quot;,&quot;title&quot;:&quot;&quot;}\" data-image-title=\"metropolitana2\" data-image-description=\"\" data-image-caption=\"\" data-large-file=\"https:\/\/portoalegre.wordcamp.org\/2013\/files\/2013\/05\/metropolitana2.jpg\" src=\"https:\/\/2013.portoalegre.wordcamp.org\/files\/2013\/05\/metropolitana2.jpg\" alt=\"metropolitana2\" width=\"645\" height=\"532\" class=\"alignleft size-full wp-image-4089\" srcset=\"https:\/\/portoalegre.wordcamp.org\/2013\/files\/2013\/05\/metropolitana2.jpg 645w, https:\/\/portoalegre.wordcamp.org\/2013\/files\/2013\/05\/metropolitana2-300x247.jpg 300w, https:\/\/portoalegre.wordcamp.org\/2013\/files\/2013\/05\/metropolitana2-624x514.jpg 624w\" sizes=\"auto, (max-width: 645px) 100vw, 645px\" \/><\/p>\n<p>&nbsp;<\/p>\n<p>Para quem vem do <b>Aeroporto Salgado Filho<\/b>:<\/p>\n<p><strong>T\u00e1xi<\/strong><br \/>\nT\u00e1xi comum = vermelho<br \/>\nT\u00e1xi do Aeroporto = branco<br \/>\n(ambos possuem a mesma tarifa)<\/p>\n<p>Bandeira 1: R$ 22,92<br \/>\nBandeira 2: R$ 28,33<br \/>\n<a href=\"http:\/\/j.mp\/16B3oqd\">Acessar c\u00e1lculo e trajeto via tarifadetaxi.com<\/a><\/p>\n<p><strong>Pelo Trensurb (Trem)<\/strong><br \/>\nVoc\u00ea embarca na esta\u00e7\u00e3o &#8220;Aeroporto&#8221; e desce na esta\u00e7\u00e3o &#8220;Rodovi\u00e1ria&#8221;. Utilize os t\u00faneis de acesso dos Aeroportos at\u00e9 a entrada da esta\u00e7\u00e3o da Trensurb (em azul na imagem).<\/p>\n<p><a href=\"https:\/\/2013.portoalegre.wordcamp.org\/files\/2013\/05\/aeroporto.jpg\" target=\"_blank\"><img loading=\"lazy\" decoding=\"async\" data-attachment-id=\"4093\" data-permalink=\"https:\/\/portoalegre.wordcamp.org\/2013\/localizacao\/como-chegar\/aeroporto\/\" data-orig-file=\"https:\/\/portoalegre.wordcamp.org\/2013\/files\/2013\/05\/aeroporto.jpg\" data-orig-size=\"1459,797\" data-comments-opened=\"1\" data-image-meta=\"{&quot;aperture&quot;:&quot;0&quot;,&quot;credit&quot;:&quot;&quot;,&quot;camera&quot;:&quot;&quot;,&quot;caption&quot;:&quot;&quot;,&quot;created_timestamp&quot;:&quot;0&quot;,&quot;copyright&quot;:&quot;&quot;,&quot;focal_length&quot;:&quot;0&quot;,&quot;iso&quot;:&quot;0&quot;,&quot;shutter_speed&quot;:&quot;0&quot;,&quot;title&quot;:&quot;&quot;}\" data-image-title=\"aeroporto\" data-image-description=\"&lt;p&gt;Clique para expandir a imagem&lt;\/p&gt;\n\" data-image-caption=\"\" data-large-file=\"https:\/\/portoalegre.wordcamp.org\/2013\/files\/2013\/05\/aeroporto-1024x559.jpg\" src=\"https:\/\/2013.portoalegre.wordcamp.org\/files\/2013\/05\/aeroporto.jpg\" alt=\"aeroporto\" width=\"1459\" height=\"797\" class=\"alignleft size-full wp-image-4093\" srcset=\"https:\/\/portoalegre.wordcamp.org\/2013\/files\/2013\/05\/aeroporto.jpg 1459w, https:\/\/portoalegre.wordcamp.org\/2013\/files\/2013\/05\/aeroporto-300x163.jpg 300w, https:\/\/portoalegre.wordcamp.org\/2013\/files\/2013\/05\/aeroporto-1024x559.jpg 1024w, https:\/\/portoalegre.wordcamp.org\/2013\/files\/2013\/05\/aeroporto-624x340.jpg 624w\" sizes=\"auto, (max-width: 1459px) 100vw, 1459px\" \/>Clique para expandir a imagem<\/a><\/p>\n","protected":false},"excerpt":{"rendered":"<p>Para quem \u00e9 da cidade de Porto Alegre: 1. Se voc\u00ea est\u00e1 vindo no sentido &#8220;Bairro &gt; Centro&#8221;, basta pegar qualquer \u00f4nibus que pare na Rodovi\u00e1ria. Voc\u00ea ir\u00e1 descer aonde est\u00e1 apontado no mapa. Olhe para tr\u00e1s e caminhe em dire\u00e7\u00e3o \u00e0 passarela. 2. Suba na passarela (ela faz uma curva para subir e \u00e9 [&hellip;]<\/p>\n","protected":false},"author":7234016,"featured_media":0,"parent":3950,"menu_order":0,"comment_status":"closed","ping_status":"closed","template":"","meta":{"_crdt_document":"","jetpack_post_was_ever_published":false,"footnotes":""},"class_list":["post-3959","page","type-page","status-publish","hentry"],"jetpack_shortlink":"https:\/\/wp.me\/P3wIVg-11R","jetpack_sharing_enabled":true,"_links":{"self":[{"href":"https:\/\/portoalegre.wordcamp.org\/2013\/wp-json\/wp\/v2\/pages\/3959","targetHints":{"allow":["GET"]}}],"collection":[{"href":"https:\/\/portoalegre.wordcamp.org\/2013\/wp-json\/wp\/v2\/pages"}],"about":[{"href":"https:\/\/portoalegre.wordcamp.org\/2013\/wp-json\/wp\/v2\/types\/page"}],"author":[{"embeddable":true,"href":"https:\/\/portoalegre.wordcamp.org\/2013\/wp-json\/wp\/v2\/users\/7234016"}],"replies":[{"embeddable":true,"href":"https:\/\/portoalegre.wordcamp.org\/2013\/wp-json\/wp\/v2\/comments?post=3959"}],"version-history":[{"count":21,"href":"https:\/\/portoalegre.wordcamp.org\/2013\/wp-json\/wp\/v2\/pages\/3959\/revisions"}],"predecessor-version":[{"id":40768,"href":"https:\/\/portoalegre.wordcamp.org\/2013\/wp-json\/wp\/v2\/pages\/3959\/revisions\/40768"}],"up":[{"embeddable":true,"href":"https:\/\/portoalegre.wordcamp.org\/2013\/wp-json\/wp\/v2\/pages\/3950"}],"wp:attachment":[{"href":"https:\/\/portoalegre.wordcamp.org\/2013\/wp-json\/wp\/v2\/media?parent=3959"}],"curies":[{"name":"wp","href":"https:\/\/api.w.org\/{rel}","templated":true}]}}