{"id":2150,"date":"2013-05-15T03:18:00","date_gmt":"2013-05-15T06:18:00","guid":{"rendered":"https:\/\/2013.portoalegre.wordcamp.org\/?page_id=2150"},"modified":"2013-07-01T16:34:20","modified_gmt":"2013-07-01T19:34:20","slug":"programacao","status":"publish","type":"page","link":"https:\/\/portoalegre.wordcamp.org\/2013\/programacao\/","title":{"rendered":"Programa\u00e7\u00e3o"},"content":{"rendered":"<p>Abaixo segue a programa\u00e7\u00e3o do evento no dia 13 de Julho, dividimos em Palestras na esquerda e Oficinas na direita. Nomes repetidos nas oficinas, significam que possuem uma dura\u00e7\u00e3o maior. Alguns nomes e resumo dos t\u00f3picos das palestras ainda ser\u00e3o divulgados.<\/p>\n<table id=\"agenda\" border=\"0\">\n<thead>\n<tr>\n<th>Hora<\/th>\n<th width=\"45%\">Palestras<\/th>\n<th width=\"45%\">Oficinas<\/th>\n<\/tr>\n<\/thead>\n<tbody>\n<tr>\n<th>8:00<\/th>\n<td colspan=\"2\" class=\"inteira\">\n                Credenciamento\n            <\/td>\n<\/tr>\n<tr>\n<th>8:50<\/th>\n<td colspan=\"2\" class=\"inteira\">\n                Abertura oficial\n            <\/td>\n<\/tr>\n<tr>\n<th>9:00<\/th>\n<td>\n                <a href=\"#wcorg-speaker-gabriel-reguly\"><img alt='' src='https:\/\/secure.gravatar.com\/avatar\/c113da641adb693af10bbc6e429e771563cb58b960c33beaed05690a5b3e2961?s=32&#038;d=mm&#038;r=g' srcset='https:\/\/secure.gravatar.com\/avatar\/c113da641adb693af10bbc6e429e771563cb58b960c33beaed05690a5b3e2961?s=64&#038;d=mm&#038;r=g 2x' class='avatar avatar-32 photo' height='32' width='32' \/> Gabriel Reguly<\/a><br \/>\n                <span><a href=\"https:\/\/2013.portoalegre.wordcamp.org\/session\/aquerenciando-o-wordpress-plugins-temas-e-functions-php\/\">Aquerenciando o WordPress: plugins, temas e functions.php<br \/>\n<\/a><\/span>\n            <\/td>\n<td>\n                <a href=\"#wcorg-speaker-fellyph-cintra\"><img alt='' src='https:\/\/secure.gravatar.com\/avatar\/3d503e66dd5ba59cf8b6f33f54a8cd197ebe6cf0b72cf97c589d44f2ab044192?s=32&#038;d=mm&#038;r=g' srcset='https:\/\/secure.gravatar.com\/avatar\/3d503e66dd5ba59cf8b6f33f54a8cd197ebe6cf0b72cf97c589d44f2ab044192?s=64&#038;d=mm&#038;r=g 2x' class='avatar avatar-32 photo' height='32' width='32' \/> Fellyph Cintra<\/a><br \/>\n                <span><a href=\"https:\/\/2013.portoalegre.wordcamp.org\/session\/criando-seu-primeiro-tema-do-zero\/\">Criando seu primeiro tema do zero<\/a><\/span>\n            <\/td>\n<\/tr>\n<tr>\n<th>9:40<\/th>\n<td>\n                <span>D\u00favidas<\/span>\n            <\/td>\n<td><\/td>\n<\/tr>\n<tr>\n<th>9:50<\/th>\n<td>\n                <span>Intervalo<\/span>\n            <\/td>\n<td><\/td>\n<\/tr>\n<tr>\n<th>10:00<\/th>\n<td>\n                <a href=\"#wcorg-speaker-jackson-mafra\"><img alt='' src='https:\/\/secure.gravatar.com\/avatar\/893ca6071afe861d1decba45002dd89c3bd1f406e4e12103c48c68a02a8227db?s=32&#038;d=mm&#038;r=g' srcset='https:\/\/secure.gravatar.com\/avatar\/893ca6071afe861d1decba45002dd89c3bd1f406e4e12103c48c68a02a8227db?s=64&#038;d=mm&#038;r=g 2x' class='avatar avatar-32 photo' height='32' width='32' \/> Jackson Mafra<\/a><br \/>\n                <span><a href=\"https:\/\/2013.portoalegre.wordcamp.org\/session\/criando-temas-responsaveis\/\">Criando Temas Respons\u00e1veis<\/a><\/span>\n            <\/td>\n<td>\n                <a href=\"#wcorg-speaker-fellyph-cintra\"><img alt='' src='https:\/\/secure.gravatar.com\/avatar\/3d503e66dd5ba59cf8b6f33f54a8cd197ebe6cf0b72cf97c589d44f2ab044192?s=32&#038;d=mm&#038;r=g' srcset='https:\/\/secure.gravatar.com\/avatar\/3d503e66dd5ba59cf8b6f33f54a8cd197ebe6cf0b72cf97c589d44f2ab044192?s=64&#038;d=mm&#038;r=g 2x' class='avatar avatar-32 photo' height='32' width='32' \/> Fellyph Cintra<\/a><br \/>\n                <span><a href=\"https:\/\/2013.portoalegre.wordcamp.org\/session\/criando-seu-primeiro-tema-do-zero\/\">Criando seu primeiro tema do zero<\/a><\/span>\n            <\/td>\n<\/tr>\n<tr>\n<th>10:40<\/th>\n<td>\n                <span>D\u00favidas<\/span>\n            <\/td>\n<td><\/td>\n<\/tr>\n<tr>\n<th>10:50<\/th>\n<td>\n                <span>Intervalo<\/span>\n            <\/td>\n<td><\/td>\n<\/tr>\n<tr>\n<th>11:00<\/th>\n<td>\n                <a href=\"#wcorg-speaker-israel-cefrin\"><img alt='' src='https:\/\/secure.gravatar.com\/avatar\/8afd08855858023ec7c67562493343a25fdbf1e30324abecde14bd981c08abf4?s=32&#038;d=mm&#038;r=g' srcset='https:\/\/secure.gravatar.com\/avatar\/8afd08855858023ec7c67562493343a25fdbf1e30324abecde14bd981c08abf4?s=64&#038;d=mm&#038;r=g 2x' class='avatar avatar-32 photo' height='32' width='32' \/> Israel Cefrin<\/a><br \/>\n                <span><a href=\"https:\/\/2013.portoalegre.wordcamp.org\/session\/tunando-o-wordpress-para-sites-de-alta-visitacao\/\">\u201cTunando\u201d o WordPress para sites de alta visita\u00e7\u00e3o<\/a><\/span>\n            <\/td>\n<td>\n                <a href=\"#wcorg-speaker-fellyph-cintra\"><img alt='' src='https:\/\/secure.gravatar.com\/avatar\/3d503e66dd5ba59cf8b6f33f54a8cd197ebe6cf0b72cf97c589d44f2ab044192?s=32&#038;d=mm&#038;r=g' srcset='https:\/\/secure.gravatar.com\/avatar\/3d503e66dd5ba59cf8b6f33f54a8cd197ebe6cf0b72cf97c589d44f2ab044192?s=64&#038;d=mm&#038;r=g 2x' class='avatar avatar-32 photo' height='32' width='32' \/> Fellyph Cintra<\/a><br \/>\n                <span><a href=\"https:\/\/2013.portoalegre.wordcamp.org\/session\/criando-seu-primeiro-tema-do-zero\/\">Criando seu primeiro tema do zero<\/a><\/span>\n            <\/td>\n<\/tr>\n<tr>\n<th>11:40<\/th>\n<td>\n                <span>D\u00favidas<\/span>\n            <\/td>\n<td><\/td>\n<\/tr>\n<tr>\n<th>11:50<\/th>\n<td>\n                <span>Intervalo<\/span>\n            <\/td>\n<td><\/td>\n<\/tr>\n<tr>\n<th>12:00<\/th>\n<td colspan=\"2\" class=\"inteira\">\n                Almo\u00e7o\n            <\/td>\n<\/tr>\n<tr>\n<th>13:30<\/th>\n<td colspan=\"2\" class=\"inteira\">\n                Lightning Talks\n            <\/td>\n<\/tr>\n<tr>\n<th>14:00<\/th>\n<td>\n                <a href=\"#wcorg-speaker-fernando-daciuk\"><img alt='' src='https:\/\/secure.gravatar.com\/avatar\/b5dd77e600fd02d5011e14faf29327918aebf123353b0623c5f488ee40e42a6f?s=32&#038;d=mm&#038;r=g' srcset='https:\/\/secure.gravatar.com\/avatar\/b5dd77e600fd02d5011e14faf29327918aebf123353b0623c5f488ee40e42a6f?s=64&#038;d=mm&#038;r=g 2x' class='avatar avatar-32 photo' height='32' width='32' \/> Fernando Daciuk<\/a><br \/>\n                <span><a href=\"https:\/\/2013.portoalegre.wordcamp.org\/session\/automatizando-tarefas-no-wordpress-com-gruntjs\/\">Automatizando tarefas no WordPress com GruntJS<\/a><\/span><\/p>\n<\/td>\n<td>\n                <a href=\"#wcorg-speaker-julian-fernandes\"><img alt='' src='https:\/\/secure.gravatar.com\/avatar\/70b90d30040390b8b5483932fb93ac518614652fbf0eeaef7e1b540bf41e2d75?s=32&#038;d=mm&#038;r=g' srcset='https:\/\/secure.gravatar.com\/avatar\/70b90d30040390b8b5483932fb93ac518614652fbf0eeaef7e1b540bf41e2d75?s=64&#038;d=mm&#038;r=g 2x' class='avatar avatar-32 photo' height='32' width='32' \/> Julian Fernandes<\/a><br \/>\n                <span><a href=\"https:\/\/2013.portoalegre.wordcamp.org\/session\/melhorando-o-desempenho-do-wordpress-com-w3-total-cache\/\">Melhorando o desempenho do WordPress com W3 Total Cache<\/a><\/span>\n            <\/td>\n<\/tr>\n<tr>\n<th>14:40<\/th>\n<td>\n                <span>D\u00favidas<\/span>\n            <\/td>\n<td><\/td>\n<\/tr>\n<tr>\n<th>14:50<\/th>\n<td>\n                <span>Intervalo<\/span>\n            <\/td>\n<td><\/td>\n<\/tr>\n<tr>\n<th>15:00<\/th>\n<td>\n                <a href=\"#wcorg-speaker-claudio-sanches\"><img alt='' src='https:\/\/secure.gravatar.com\/avatar\/6ab7473fe788ee8fb9e2899fd2964a7abafa90f73505ed70dbd0f31c955e8d71?s=32&#038;d=mm&#038;r=g' srcset='https:\/\/secure.gravatar.com\/avatar\/6ab7473fe788ee8fb9e2899fd2964a7abafa90f73505ed70dbd0f31c955e8d71?s=64&#038;d=mm&#038;r=g 2x' class='avatar avatar-32 photo' height='32' width='32' \/> Claudio Sanches<\/a><br \/>\n                <span><a href=\"https:\/\/2013.portoalegre.wordcamp.org\/session\/e-commerce-no-wordpress-com-woocommerce\/\">E-commerce no WordPress com WooCommerce<\/a><\/span>\n            <\/td>\n<td>\n                <a href=\"#wcorg-speaker-julian-fernandes\"><img alt='' src='https:\/\/secure.gravatar.com\/avatar\/70b90d30040390b8b5483932fb93ac518614652fbf0eeaef7e1b540bf41e2d75?s=32&#038;d=mm&#038;r=g' srcset='https:\/\/secure.gravatar.com\/avatar\/70b90d30040390b8b5483932fb93ac518614652fbf0eeaef7e1b540bf41e2d75?s=64&#038;d=mm&#038;r=g 2x' class='avatar avatar-32 photo' height='32' width='32' \/> Julian Fernandes<\/a><br \/>\n                <span><a href=\"https:\/\/2013.portoalegre.wordcamp.org\/session\/melhorando-o-desempenho-do-wordpress-com-w3-total-cache\/\">Melhorando o desempenho do WordPress com W3 Total Cache<\/a><\/span>\n            <\/td>\n<\/tr>\n<tr>\n<th>15:40<\/th>\n<td>\n                <span>D\u00favidas<\/span>\n            <\/td>\n<td><\/td>\n<\/tr>\n<tr>\n<th>15:50<\/th>\n<td>\n                <span>Intervalo<\/span>\n            <\/td>\n<td><\/td>\n<\/tr>\n<tr>\n<th>16:00<\/th>\n<td>\n                <a href=\"#wcorg-speaker-guga-alves\"><img alt='' src='https:\/\/secure.gravatar.com\/avatar\/2bb28470352c969615480bad9545226701104d2ca26a6f2015261d4b4866c5d4?s=32&#038;d=mm&#038;r=g' srcset='https:\/\/secure.gravatar.com\/avatar\/2bb28470352c969615480bad9545226701104d2ca26a6f2015261d4b4866c5d4?s=64&#038;d=mm&#038;r=g 2x' class='avatar avatar-32 photo' height='32' width='32' \/> Guga Alves<\/a><br \/>\n                <span><a href=\"https:\/\/2013.portoalegre.wordcamp.org\/session\/seo-para-wordpress-guia-definitivo\/\">SEO para WordPress: Guia Definitivo<br \/>\n<\/a><\/span>\n            <\/td>\n<td>\n                <a href=\"#wcorg-speaker-charles-messias\"><img alt='' src='https:\/\/secure.gravatar.com\/avatar\/8dce5adf5df06e4ff4d4c54e849679784959272c5b8d10e8cea45d0530930828?s=32&#038;d=mm&#038;r=g' srcset='https:\/\/secure.gravatar.com\/avatar\/8dce5adf5df06e4ff4d4c54e849679784959272c5b8d10e8cea45d0530930828?s=64&#038;d=mm&#038;r=g 2x' class='avatar avatar-32 photo' height='32' width='32' \/> Charles Messias<\/a><br \/>\n                <span><a href=\"https:\/\/2013.portoalegre.wordcamp.org\/session\/wordpress-primeiros-passos-e-grandes-distancias-oficina-introdutoria\/\">WordPress &#8211; Primeiros passos e grandes dist\u00e2ncias. Oficina introdut\u00f3ria.<\/a><\/span>\n            <\/td>\n<\/tr>\n<tr>\n<th>16:40<\/th>\n<td>\n                <span>D\u00favidas<\/span>\n            <\/td>\n<td><\/td>\n<\/tr>\n<tr>\n<th>16:50<\/th>\n<td>\n                <span>Intervalo<\/span>\n            <\/td>\n<td><\/td>\n<\/tr>\n<tr>\n<th>17:00<\/th>\n<td>\n                <a href=\"#wcorg-speaker-gustavo-bordoni\"><img alt='' src='https:\/\/secure.gravatar.com\/avatar\/e3171496e198834c638911ad3c3220bec77871cdf6557eaa9e2a58d16600a1a1?s=32&#038;d=mm&#038;r=g' srcset='https:\/\/secure.gravatar.com\/avatar\/e3171496e198834c638911ad3c3220bec77871cdf6557eaa9e2a58d16600a1a1?s=64&#038;d=mm&#038;r=g 2x' class='avatar avatar-32 photo' height='32' width='32' \/> Gustavo Bordoni<\/a><br \/>\n                <span><a href=\"https:\/\/2013.portoalegre.wordcamp.org\/session\/escalando-nas-nuvens-com-wordpress-e-amazon-aws\/\">Escalando nas nuvens com WordPress e Amazon AWS<\/a><\/span>\n            <\/td>\n<td>\n                <a href=\"#wcorg-speaker-charles-messias\"><img alt='' src='https:\/\/secure.gravatar.com\/avatar\/8dce5adf5df06e4ff4d4c54e849679784959272c5b8d10e8cea45d0530930828?s=32&#038;d=mm&#038;r=g' srcset='https:\/\/secure.gravatar.com\/avatar\/8dce5adf5df06e4ff4d4c54e849679784959272c5b8d10e8cea45d0530930828?s=64&#038;d=mm&#038;r=g 2x' class='avatar avatar-32 photo' height='32' width='32' \/> Charles Messias<\/a><br \/>\n                <span><a href=\"https:\/\/2013.portoalegre.wordcamp.org\/session\/wordpress-primeiros-passos-e-grandes-distancias-oficina-introdutoria\/\">WordPress &#8211; Primeiros passos e grandes dist\u00e2ncias. Oficina introdut\u00f3ria.<\/a><\/span>\n            <\/td>\n<\/tr>\n<tr>\n<th>17:40<\/th>\n<td>\n                <span>D\u00favidas<\/span>\n            <\/td>\n<td><\/td>\n<\/tr>\n<tr>\n<th>17:50<\/th>\n<td>\n                <span>Intervalo<\/span>\n            <\/td>\n<td><\/td>\n<\/tr>\n<tr>\n<th>18:00<\/th>\n<td colspan=\"2\" class=\"inteira\">\n                Encerramento\n            <\/td>\n<\/tr>\n<tr>\n<th>19:00<\/th>\n<td colspan=\"2\" class=\"inteira\">\n                WordCana\n            <\/td>\n<\/tr>\n<\/tbody>\n<\/table>\n<h2 id=\"palestrantes\">Palestrantes<\/h2>\n\n\t<div class=\"wcorg-speakers\">\n\n\t\t\n\t\t\t<!-- Organizers note: The id attribute is deprecated and only remains for backwards compatibility, please use the corresponding class to target individual speakers -->\n\t\t\t<div id=\"wcorg-speaker-julian-fernandes\" class=\"wcorg-speaker wcorg-speaker-julian-fernandes wcorg-track-oficina\">\n\t\t\t\t<h2>\n\t\t\t\t\t\n\t\t\t\t\t\tJulian Fernandes\n\t\t\t\t\t\t\t\t\t<\/h2>\n\n\t\t\t\t<div class=\"wcorg-speaker-description\">\n\t\t\t\t\t<img alt='' src='https:\/\/secure.gravatar.com\/avatar\/70b90d30040390b8b5483932fb93ac518614652fbf0eeaef7e1b540bf41e2d75?s=100&#038;d=mm&#038;r=g' srcset='https:\/\/secure.gravatar.com\/avatar\/70b90d30040390b8b5483932fb93ac518614652fbf0eeaef7e1b540bf41e2d75?s=200&#038;d=mm&#038;r=g 2x' class='avatar avatar-100 photo' height='100' width='100' \/>\t\t\t\t\t<p>Consultor WordPress e blogueiro, Julian Fernandes trabalha na Synthesis, divis\u00e3o de hospedagem WordPress da Copyblogger Media. Apaixonado por Ubuntu, NGINX e WordPress, passa boa parte do seu tempo melhorando a performance dos sites dos clientes da empresa.<\/p>\n\t\t\t\t<\/div>\n\t\t\t<\/div>\n\n\t\t\n\t\t\t<!-- Organizers note: The id attribute is deprecated and only remains for backwards compatibility, please use the corresponding class to target individual speakers -->\n\t\t\t<div id=\"wcorg-speaker-charles-messias\" class=\"wcorg-speaker wcorg-speaker-charles-messias wcorg-track-oficina\">\n\t\t\t\t<h2>\n\t\t\t\t\t\n\t\t\t\t\t\tCharles Messias\n\t\t\t\t\t\t\t\t\t<\/h2>\n\n\t\t\t\t<div class=\"wcorg-speaker-description\">\n\t\t\t\t\t<img alt='' src='https:\/\/secure.gravatar.com\/avatar\/8dce5adf5df06e4ff4d4c54e849679784959272c5b8d10e8cea45d0530930828?s=100&#038;d=mm&#038;r=g' srcset='https:\/\/secure.gravatar.com\/avatar\/8dce5adf5df06e4ff4d4c54e849679784959272c5b8d10e8cea45d0530930828?s=200&#038;d=mm&#038;r=g 2x' class='avatar avatar-100 photo' height='100' width='100' \/>\t\t\t\t\t<p>Especialista em Marketing Digital, desenvolve atividades relacionadas ao mundo online nas \u00e1reas de marketing, publicidade, ensino e programa\u00e7\u00e3o. Seu primeiro programa foi desenvolvido em um CP200s e ficou muito bom! Desde ent\u00e3o n\u00e3o parou mais de adquirir conhecimento e hoje \u00e9 um empreendedor de carteirinha. Conheceu o WordPress em 2010 e o adotou fortemente como ferramenta de trabalho.<\/p>\n\t\t\t\t<\/div>\n\t\t\t<\/div>\n\n\t\t\n\t\t\t<!-- Organizers note: The id attribute is deprecated and only remains for backwards compatibility, please use the corresponding class to target individual speakers -->\n\t\t\t<div id=\"wcorg-speaker-israel-cefrin\" class=\"wcorg-speaker wcorg-speaker-israel-cefrin wcorg-track-oficina\">\n\t\t\t\t<h2>\n\t\t\t\t\t\n\t\t\t\t\t\tIsrael Cefrin\n\t\t\t\t\t\t\t\t\t<\/h2>\n\n\t\t\t\t<div class=\"wcorg-speaker-description\">\n\t\t\t\t\t<img alt='' src='https:\/\/secure.gravatar.com\/avatar\/8afd08855858023ec7c67562493343a25fdbf1e30324abecde14bd981c08abf4?s=100&#038;d=mm&#038;r=g' srcset='https:\/\/secure.gravatar.com\/avatar\/8afd08855858023ec7c67562493343a25fdbf1e30324abecde14bd981c08abf4?s=200&#038;d=mm&#038;r=g 2x' class='avatar avatar-100 photo' height='100' width='100' \/>\t\t\t\t\t<p>Coordenador do N\u00facleo de Divulga\u00e7\u00e3o de Inova\u00e7\u00e3o da Funda\u00e7\u00e3o de Economia e Estat\u00edstica, \u00e9 formado em comunica\u00e7\u00e3o social e volunt\u00e1rio na tradu\u00e7\u00e3o de diferentes projetos OpenSource e plugins para WordPress. J\u00e1 atendeu empresas e campanhas pol\u00edticas utilizando a plataforma WordPress como solu\u00e7\u00e3o e atualmente colabora na tradu\u00e7\u00e3o do PressBooks (plugin que transforma o WordPress numa plataforma de edi\u00e7\u00e3o e publica\u00e7\u00e3o colaborativa de livros &#8211; http:\/\/blog.pressbooks.com\/?p=295) para produ\u00e7\u00e3o de e-books.<\/p>\n\t\t\t\t<\/div>\n\t\t\t<\/div>\n\n\t\t\n\t\t\t<!-- Organizers note: The id attribute is deprecated and only remains for backwards compatibility, please use the corresponding class to target individual speakers -->\n\t\t\t<div id=\"wcorg-speaker-gabriel-reguly\" class=\"wcorg-speaker wcorg-speaker-gabriel-reguly wcorg-track-oficina\">\n\t\t\t\t<h2>\n\t\t\t\t\t\n\t\t\t\t\t\tGabriel Reguly\n\t\t\t\t\t\t\t\t\t<\/h2>\n\n\t\t\t\t<div class=\"wcorg-speaker-description\">\n\t\t\t\t\t<img alt='' src='https:\/\/secure.gravatar.com\/avatar\/c113da641adb693af10bbc6e429e771563cb58b960c33beaed05690a5b3e2961?s=100&#038;d=mm&#038;r=g' srcset='https:\/\/secure.gravatar.com\/avatar\/c113da641adb693af10bbc6e429e771563cb58b960c33beaed05690a5b3e2961?s=200&#038;d=mm&#038;r=g 2x' class='avatar avatar-100 photo' height='100' width='100' \/>\t\t\t\t\t<p>Gabriel Reguly \u00e9 especializado em WordPress e WooCommerce, desenvolvendo para o mundo inteiro todo tipo de solu\u00e7\u00e3o. Participa da Comunidade Brasileira de WordPress, sendo respons\u00e1vel pela <a href=\"http:\/\/wp-brasil.org\/categoria\/novidades\/releases\/\">vers\u00e3o oficial em Portugu\u00eas Brasileiro<\/a> que \u00e9 utilizada em todo o Brasil. \u00c9 formado em Ci\u00eancias da Computa\u00e7\u00e3o pela UFRGS e desde 1999 trabalha com desenvolvimento web.<\/p>\n\t\t\t\t<\/div>\n\t\t\t<\/div>\n\n\t\t\n\t\t\t<!-- Organizers note: The id attribute is deprecated and only remains for backwards compatibility, please use the corresponding class to target individual speakers -->\n\t\t\t<div id=\"wcorg-speaker-fernando-daciuk\" class=\"wcorg-speaker wcorg-speaker-fernando-daciuk wcorg-track-auditorio\">\n\t\t\t\t<h2>\n\t\t\t\t\t\n\t\t\t\t\t\tFernando Daciuk\n\t\t\t\t\t\t\t\t\t<\/h2>\n\n\t\t\t\t<div class=\"wcorg-speaker-description\">\n\t\t\t\t\t<img alt='' src='https:\/\/secure.gravatar.com\/avatar\/b5dd77e600fd02d5011e14faf29327918aebf123353b0623c5f488ee40e42a6f?s=100&#038;d=mm&#038;r=g' srcset='https:\/\/secure.gravatar.com\/avatar\/b5dd77e600fd02d5011e14faf29327918aebf123353b0623c5f488ee40e42a6f?s=200&#038;d=mm&#038;r=g 2x' class='avatar avatar-100 photo' height='100' width='100' \/>\t\t\t\t\t<p>Especialista em desenvolvimento Frontend, trabalha com web desde 2001, especificamente com Frontend desde 2004, utilzando tecnologias como HTML5, CSS3 e Javascript. Apaixonado por WordPress e Javascript, aproveita as horas vagas para dar pitacos em projetos open source no Github e escrever para alguns blogs de tecnologia.<\/p>\n\t\t\t\t<\/div>\n\t\t\t<\/div>\n\n\t\t\n\t\t\t<!-- Organizers note: The id attribute is deprecated and only remains for backwards compatibility, please use the corresponding class to target individual speakers -->\n\t\t\t<div id=\"wcorg-speaker-gustavo-bordoni\" class=\"wcorg-speaker wcorg-speaker-gustavo-bordoni wcorg-track-oficina\">\n\t\t\t\t<h2>\n\t\t\t\t\t\n\t\t\t\t\t\tGustavo Bordoni\n\t\t\t\t\t\t\t\t\t<\/h2>\n\n\t\t\t\t<div class=\"wcorg-speaker-description\">\n\t\t\t\t\t<img alt='' src='https:\/\/secure.gravatar.com\/avatar\/e3171496e198834c638911ad3c3220bec77871cdf6557eaa9e2a58d16600a1a1?s=100&#038;d=mm&#038;r=g' srcset='https:\/\/secure.gravatar.com\/avatar\/e3171496e198834c638911ad3c3220bec77871cdf6557eaa9e2a58d16600a1a1?s=200&#038;d=mm&#038;r=g 2x' class='avatar avatar-100 photo' height='100' width='100' \/>\t\t\t\t\t<p>Gustavo Bordoni \u00e9 desenvolvedor e sysadmin na Ag\u00eancia Trii, um apaixonado por WordPress e performance. Atualmente fissurado na possibilidade que a AWS criou para os empreendedores, e tem se aprofundado no assunto pelo \u00faltimo 1 ano e meio. J\u00e1 contribuiu diversas vezes para o Core do WordPress.<\/p>\n\t\t\t\t<\/div>\n\t\t\t<\/div>\n\n\t\t\n\t\t\t<!-- Organizers note: The id attribute is deprecated and only remains for backwards compatibility, please use the corresponding class to target individual speakers -->\n\t\t\t<div id=\"wcorg-speaker-fellyph-cintra\" class=\"wcorg-speaker wcorg-speaker-fellyph-cintra wcorg-track-oficina\">\n\t\t\t\t<h2>\n\t\t\t\t\t\n\t\t\t\t\t\tFellyph Cintra\n\t\t\t\t\t\t\t\t\t<\/h2>\n\n\t\t\t\t<div class=\"wcorg-speaker-description\">\n\t\t\t\t\t<img alt='' src='https:\/\/secure.gravatar.com\/avatar\/3d503e66dd5ba59cf8b6f33f54a8cd197ebe6cf0b72cf97c589d44f2ab044192?s=100&#038;d=mm&#038;r=g' srcset='https:\/\/secure.gravatar.com\/avatar\/3d503e66dd5ba59cf8b6f33f54a8cd197ebe6cf0b72cf97c589d44f2ab044192?s=200&#038;d=mm&#038;r=g 2x' class='avatar avatar-100 photo' height='100' width='100' \/>\t\t\t\t\t<p>Iniciou sua carreia de desenvolvedor web em 2004. Em 2008 fez seu primeiro site WordPress. Atualmente, trabalha na BlackBerry como gerente de projeto. Nas horas vagas ministra treinamentos de WordPress e realiza encontros mensais sobre desenvolvimento.<\/p>\n\t\t\t\t<\/div>\n\t\t\t<\/div>\n\n\t\t\n\t\t\t<!-- Organizers note: The id attribute is deprecated and only remains for backwards compatibility, please use the corresponding class to target individual speakers -->\n\t\t\t<div id=\"wcorg-speaker-jackson-mafra\" class=\"wcorg-speaker wcorg-speaker-jackson-mafra wcorg-track-oficina\">\n\t\t\t\t<h2>\n\t\t\t\t\t\n\t\t\t\t\t\tJackson Mafra\n\t\t\t\t\t\t\t\t\t<\/h2>\n\n\t\t\t\t<div class=\"wcorg-speaker-description\">\n\t\t\t\t\t<img alt='' src='https:\/\/secure.gravatar.com\/avatar\/893ca6071afe861d1decba45002dd89c3bd1f406e4e12103c48c68a02a8227db?s=100&#038;d=mm&#038;r=g' srcset='https:\/\/secure.gravatar.com\/avatar\/893ca6071afe861d1decba45002dd89c3bd1f406e4e12103c48c68a02a8227db?s=200&#038;d=mm&#038;r=g 2x' class='avatar avatar-100 photo' height='100' width='100' \/>\t\t\t\t\t<p>Jackson F. de A. Mafra \u00e9 lider de desenvolvimento mobile na <a href=\"http:\/\/www.queenmob.com.br\/site\/\" target=\"_blank\">Queen Mob<\/a>, desenvolvedor artes\u00e3o em WordPress para ag\u00eancias digitais. Com background em projetos de E-commerce e Rental State sempre em busca da maior acessibilidade e do melhor desempenho.<\/p>\n\t\t\t\t<\/div>\n\t\t\t<\/div>\n\n\t\t\n\t\t\t<!-- Organizers note: The id attribute is deprecated and only remains for backwards compatibility, please use the corresponding class to target individual speakers -->\n\t\t\t<div id=\"wcorg-speaker-guga-alves\" class=\"wcorg-speaker wcorg-speaker-guga-alves wcorg-track-oficina\">\n\t\t\t\t<h2>\n\t\t\t\t\t\n\t\t\t\t\t\tGuga Alves\n\t\t\t\t\t\t\t\t\t<\/h2>\n\n\t\t\t\t<div class=\"wcorg-speaker-description\">\n\t\t\t\t\t<img alt='' src='https:\/\/secure.gravatar.com\/avatar\/2bb28470352c969615480bad9545226701104d2ca26a6f2015261d4b4866c5d4?s=100&#038;d=mm&#038;r=g' srcset='https:\/\/secure.gravatar.com\/avatar\/2bb28470352c969615480bad9545226701104d2ca26a6f2015261d4b4866c5d4?s=200&#038;d=mm&#038;r=g 2x' class='avatar avatar-100 photo' height='100' width='100' \/>\t\t\t\t\t<p>Gustavo Alves (Guga Alves) \u00e9 Coordenador de Projetos Digitais na Ag\u00eancia Trii no Rio de Janeiro e fundador do <a href=\"http:\/\/www.tudoparawordpress.com.br\/\">Tudo para WordPress<\/a>. Palestrante conhecido Brasil afora nos assuntos de SEO e WordPress.<\/p>\n\t\t\t\t<\/div>\n\t\t\t<\/div>\n\n\t\t\n\t\t\t<!-- Organizers note: The id attribute is deprecated and only remains for backwards compatibility, please use the corresponding class to target individual speakers -->\n\t\t\t<div id=\"wcorg-speaker-claudio-sanches\" class=\"wcorg-speaker wcorg-speaker-claudio-sanches wcorg-track-oficina\">\n\t\t\t\t<h2>\n\t\t\t\t\t\n\t\t\t\t\t\tClaudio Sanches\n\t\t\t\t\t\t\t\t\t<\/h2>\n\n\t\t\t\t<div class=\"wcorg-speaker-description\">\n\t\t\t\t\t<img alt='' src='https:\/\/secure.gravatar.com\/avatar\/6ab7473fe788ee8fb9e2899fd2964a7abafa90f73505ed70dbd0f31c955e8d71?s=100&#038;d=mm&#038;r=g' srcset='https:\/\/secure.gravatar.com\/avatar\/6ab7473fe788ee8fb9e2899fd2964a7abafa90f73505ed70dbd0f31c955e8d71?s=200&#038;d=mm&#038;r=g 2x' class='avatar avatar-100 photo' height='100' width='100' \/>\t\t\t\t\t<p>Claudio Sanches \u00e9 programador Front-End na <a href=\"https:\/\/2013.portoalegre.wordcamp.org\/sponsor\/infranology\/\" target=\"_blank\">Infranology <\/a>em S\u00e3o Paulo. Possui cerca de 30 plugins no reposit\u00f3rio oficial do WordPress sendo que a maioria deles \u00e9 voltado a e-commerce. Sendo conhecido assim como um dos maiores especialistas em <a href=\"http:\/\/profiles.wordpress.org\/claudiosanches\/\" target=\"_blank\">WooCommerce<\/a> no pa\u00eds.<\/p>\n\t\t\t\t<\/div>\n\t\t\t<\/div>\n\n\t\t\n\t<\/div>\n\n\t\n","protected":false},"excerpt":{"rendered":"<p>Abaixo segue a programa\u00e7\u00e3o do evento no dia 13 de Julho, dividimos em Palestras na esquerda e Oficinas na direita. Nomes repetidos nas oficinas, significam que possuem uma dura\u00e7\u00e3o maior. Alguns nomes e resumo dos t\u00f3picos das palestras ainda ser\u00e3o divulgados. Hora Palestras Oficinas 8:00 Credenciamento 8:50 Abertura oficial 9:00 Gabriel Reguly Aquerenciando o WordPress: [&hellip;]<\/p>\n","protected":false},"author":7234016,"featured_media":0,"parent":0,"menu_order":0,"comment_status":"closed","ping_status":"closed","template":"","meta":{"_crdt_document":"","jetpack_post_was_ever_published":false,"footnotes":""},"class_list":["post-2150","page","type-page","status-publish","hentry"],"jetpack_shortlink":"https:\/\/wp.me\/P3wIVg-yG","jetpack_sharing_enabled":true,"_links":{"self":[{"href":"https:\/\/portoalegre.wordcamp.org\/2013\/wp-json\/wp\/v2\/pages\/2150","targetHints":{"allow":["GET"]}}],"collection":[{"href":"https:\/\/portoalegre.wordcamp.org\/2013\/wp-json\/wp\/v2\/pages"}],"about":[{"href":"https:\/\/portoalegre.wordcamp.org\/2013\/wp-json\/wp\/v2\/types\/page"}],"author":[{"embeddable":true,"href":"https:\/\/portoalegre.wordcamp.org\/2013\/wp-json\/wp\/v2\/users\/7234016"}],"replies":[{"embeddable":true,"href":"https:\/\/portoalegre.wordcamp.org\/2013\/wp-json\/wp\/v2\/comments?post=2150"}],"version-history":[{"count":43,"href":"https:\/\/portoalegre.wordcamp.org\/2013\/wp-json\/wp\/v2\/pages\/2150\/revisions"}],"predecessor-version":[{"id":139261,"href":"https:\/\/portoalegre.wordcamp.org\/2013\/wp-json\/wp\/v2\/pages\/2150\/revisions\/139261"}],"wp:attachment":[{"href":"https:\/\/portoalegre.wordcamp.org\/2013\/wp-json\/wp\/v2\/media?parent=2150"}],"curies":[{"name":"wp","href":"https:\/\/api.w.org\/{rel}","templated":true}]}}